{"id":7068,"date":"2024-01-22T21:47:03","date_gmt":"2024-01-22T20:47:03","guid":{"rendered":"https:\/\/wafdal.applecreek-dalmatians.de\/geschichtliches\/"},"modified":"2024-02-06T22:18:06","modified_gmt":"2024-02-06T21:18:06","slug":"geschichtliches","status":"publish","type":"page","link":"https:\/\/wafdal.org\/de\/geschichtliches\/","title":{"rendered":"Geschichtliches"},"content":{"rendered":"<div  class='flex_column av-uenw4b-6e395fc158bdf99f9eb98978161ff77c av_one_full  avia-builder-el-0  el_before_av_one_half  avia-builder-el-first  first flex_column_div  '     ><p>\n<style type=\"text\/css\" data-created_by=\"avia_inline_auto\" id=\"style-css-av-lrpdvz7k-b6c2aa425cba441312ced3241166fb8f\">\n#top .av-special-heading.av-lrpdvz7k-b6c2aa425cba441312ced3241166fb8f{\npadding-bottom:10px;\n}\nbody .av-special-heading.av-lrpdvz7k-b6c2aa425cba441312ced3241166fb8f .av-special-heading-tag .heading-char{\nfont-size:25px;\n}\n.av-special-heading.av-lrpdvz7k-b6c2aa425cba441312ced3241166fb8f .av-subheading{\nfont-size:15px;\n}\n<\/style>\n<div  class='av-special-heading av-lrpdvz7k-b6c2aa425cba441312ced3241166fb8f av-special-heading-h3  avia-builder-el-1  el_before_av_textblock  avia-builder-el-first '><h3 class='av-special-heading-tag'  itemprop=\"headline\"  >Herkunft des Dalmatiners<\/h3><div class=\"special-heading-border\"><div class=\"special-heading-inner-border\"><\/div><\/div><\/div><br \/>\n<section  class='av_textblock_section av-lrpdx1cv-3251e542bbef04ff47cfc59ef7ed4dea '   itemscope=\"itemscope\" itemtype=\"https:\/\/schema.org\/CreativeWork\" ><div class='avia_textblock'  itemprop=\"text\" ><p><strong>1890 wurde in England der erste Rassestandard f\u00fcr den Dalmatiner erstellt, 1955 der Dalmatiner durch die FCI endg\u00fcltig anerkannt. In weiterer Folge (m\u00f6glicherweise 1987) wurde der Dalmatiner durch die FCI in der Gruppe IX, Gesellschafts- und Begleithunde klassifiziert. Die Gr\u00fcnde daf\u00fcr sind heute nicht mehr nachvollziehbar, die Gruppe IX wurde dem Dalmatiner jedenfalls nicht gerecht. Seit Mitte der 90iger Jahre geh\u00f6rt er nun zu der Gruppe VI den Lauf- und Schwei\u00dfhunden, Sektion Verwandte Rassen, ohne Arbeitspr\u00fcfung.<\/strong><\/p>\n<\/div><\/section><br \/>\n<section  class='av_textblock_section av-lrpdznct-529acb217f465806cf8cabe33f99dd29 '   itemscope=\"itemscope\" itemtype=\"https:\/\/schema.org\/CreativeWork\" ><div class='avia_textblock'  itemprop=\"text\" ><p><strong>Die Herkunft des Dalmatiners<\/strong><\/p>\n<p>Egal, \u00fcber welche Hunderasse man spricht, es ist meistens schwierig genaue Aussagen, \u00fcber die Geschichte und die Entwicklung der Rasse zu nennen. Wir wissen nur bei wenigen Rassen wann und wo sie genau auftraten, woher sie kommen.<\/p>\n<p>Der Dalmatiner mit seiner Sch\u00f6nheit geh\u00f6rt zu jenen Rassen, die auf der ganzen Welt von allen Kynologen und Kindern erkannt wird, auch wenn seine genaue Herkunft noch unbekannt ist. Unabh\u00e4ngig von vielen anderen Fragen ist heute ganz klar, dass die Dalmatiner den richtigen Namen tragen, den Namen des Gebietes in der jetzigen Republik Kroatien, dem Landteil Dalmatien.<\/p>\n<p>Dalmatiner geh\u00f6ren zur FCI-Gruppe VI, in diese Gruppe geh\u00f6ren sie und das soll auch so bleiben. Es gibt viele historische Dokumente, die das untermauern, vor allem aber auch j\u00fcngste biochemische und genetische Forschungsergebnisse.<\/p>\n<p>Bereits im Jahr 1353 hat ein unbekannter, holl\u00e4ndischer Reiseschriftsteller geschrieben, dass er in Dalmatien Hunde mit wei\u00dfen Haaren und schwarzen Flecken am K\u00f6rper gesehen hat.<\/p>\n<p>Das der Dalmatiner nicht nur in Kroatien weit verbreitet war, zeigen auch Symbole aus dem serbisch-orthodoxen Kloster im Kosovo, Gra\u010danica, das im Jahr 1315 gebaut wurde. Eine Ikone in diesem Kloster aus der Mitte des 16. Jahrhunderts zeigt in der Ecke einen gepunkteten Hund, einen Dalmatiner.<\/p>\n<p>Im selben Jahrhundert, 1567, schrieb der italienische Zoologe Ulisse Aldrovandi (Aldrovandus, 1522-1605) die Arbeit \u201cDe quaropedibus Digitalis viviparis\u201d. Er schreibt dort, dass es in Italien wei\u00dfe Bracken mit kleinen Markierungen und schwarzen Flecken auf dem R\u00fccken gibt. Diese Hunde nennt er \u201cCanis sagax Vulco Brachus\u201d. Der Autor erkl\u00e4rt, dass die Hunde nicht aus Italien stammen, sondern aus den (damaligen) italienischen Provinzen Istrien und Dalmatien \u00fcber den Apennin nach Italien gebracht wurden.<\/p>\n<p>Der englische Autor Edward Tops best\u00e4tigt diese Aussage von Aldrovandi im Jahr 1607 in seinem Buch \u201cThe Historie of Four footed Baestes\u201c, und schreibt, dass insbesondere die in Italien vorkommenden get\u00fcpfelten wei\u00dfen und braunen Hunde besser als Bracken bezeichnet werden sollten.<\/p>\n<p>Der fl\u00e4mische Maler Pieter Boel (1622-1674) zeigt einen Jagdhund mit erlegten V\u00f6gel, n\u00e4mlich einen Dalmatiner mit schwarzem Fleck auf den Ohren und dreif\u00e4rbig.<\/p>\n<p>Eines der wichtigsten Ursprungsdokumente \u00fcber den Dalmatiner ist sicher das Manuskript \u201cDe vita populi et de cultura armentorum et pecorum Diaco et eius anno Domini 1719 Districtus\u201d, verfasst von Bischof Petar Baki\u0107. Er schreibt \u00fcber den \u201cCanis Dalmaticus\u201d, der aus Kroatien, Dalmatien, stammt: der Hund ist wei\u00df mit schwarzen Tupfen. Wichtig ist, dass er auch sagt, dass es sich um einen Jagdhund handelt.<\/p>\n<p>Beachtenswert ist die Arbeit \u201cDie Geschichte der Quadrupets\u201d des englischen Zoologen Thomas Bewick im Jahre 1792 die besagt, dass dies keine \u201cBengalische Bracke\u201d ist, aber der dalmatische Hund, \u201cder Dalmatiner oder Coach Dog\u201d.<\/p>\n<\/div><\/section><\/p><\/div>\n<div  class='flex_column av-tdpy17-b8a47817ad525a43cf490e7833056fd5 av_one_half  avia-builder-el-4  el_after_av_one_full  el_before_av_one_half  first flex_column_div  column-top-margin'     ><style type=\"text\/css\" data-created_by=\"avia_inline_auto\" id=\"style-css-av-lrpe1smp-1a7aadcdd2e54a84ab13556e7ea975d5\">\n.avia-image-container.av-lrpe1smp-1a7aadcdd2e54a84ab13556e7ea975d5 img.avia_image{\nbox-shadow:none;\n}\n.avia-image-container.av-lrpe1smp-1a7aadcdd2e54a84ab13556e7ea975d5 .av-image-caption-overlay-center{\ncolor:#ffffff;\n}\n<\/style>\n<div  class='avia-image-container av-lrpe1smp-1a7aadcdd2e54a84ab13556e7ea975d5 av-styling- avia-align-center  avia-builder-el-5  avia-builder-el-no-sibling '   itemprop=\"image\" itemscope=\"itemscope\" itemtype=\"https:\/\/schema.org\/ImageObject\" ><div class=\"avia-image-container-inner\"><div class=\"avia-image-overlay-wrap\"><img decoding=\"async\" fetchpriority=\"high\" class='wp-image-5950 avia-img-lazy-loading-not-5950 avia_image ' src=\"https:\/\/wafdal.org\/wp-content\/uploads\/2024\/01\/dalmatian-history-her1-300x203.jpg\" alt='' title='dalmatian-history-her1'  height=\"203\" width=\"300\"  itemprop=\"thumbnailUrl\" srcset=\"https:\/\/wafdal.org\/wp-content\/uploads\/2024\/01\/dalmatian-history-her1-300x203.jpg 300w, https:\/\/wafdal.org\/wp-content\/uploads\/2024\/01\/dalmatian-history-her1-768x519.jpg 768w, https:\/\/wafdal.org\/wp-content\/uploads\/2024\/01\/dalmatian-history-her1-705x477.jpg 705w, https:\/\/wafdal.org\/wp-content\/uploads\/2024\/01\/dalmatian-history-her1.jpg 800w\" sizes=\"(max-width: 300px) 100vw, 300px\" \/><\/div><\/div><\/div><\/div>\n<div  class='flex_column av-qpsl1n-2828e4ab3222333b510076350d6a83fa av_one_half  avia-builder-el-6  el_after_av_one_half  el_before_av_one_half  flex_column_div  column-top-margin'     ><section  class='av_textblock_section av-p9akx7-e0ef1aeb575197d3a1cef728bc9f4e24 '   itemscope=\"itemscope\" itemtype=\"https:\/\/schema.org\/CreativeWork\" ><div class='avia_textblock'  itemprop=\"text\" ><p>In der linken Abbildung ist ein Dalmatiner mit schwarzen Ohren und einem Monokel um das Auge zu sehen.<\/p>\n<p>Leopold Josef Fitzinger 1867 beschreibt einen Dalmatiner &#8222;Dalmatinische Vorstehhund&#8220; genannt (Dalmatinischer H\u00fchnerhund oder Canis gallicus Ragusanus), und bezeichnet ihn als \u201cDubrovnik Vorstehhund\u201d. Doch zu diesem Zeitpunkt war der Unterschied zwischen Vorstehhund und Bracken noch sehr gering.<\/p>\n<\/div><\/section><\/div>\n<div  class='flex_column av-nmgycr-c42e6a0f01d9dac34222c99c121c5629 av_one_half  avia-builder-el-8  el_after_av_one_half  el_before_av_one_half  first flex_column_div  column-top-margin'     ><section  class='av_textblock_section av-lrpe2ju7-148f80667f259c51dfae685374163851 '   itemscope=\"itemscope\" itemtype=\"https:\/\/schema.org\/CreativeWork\" ><div class='avia_textblock'  itemprop=\"text\" ><p>Ludwig Beckmann ver\u00f6ffentlichte 1895 einen Artikel \u00fcber Dalmatiner und stellt den Hund als Luxussymbol dar. Auf dem Bild sind drei erwachsene Hunde und zwei Welpen zu sehen, die alle schwarze Ohren haben.<\/p>\n<\/div><\/section><\/div>\n<div  class='flex_column av-magcez-b4351211b5ee06000852d1f7e1a0d7b8 av_one_half  avia-builder-el-10  el_after_av_one_half  el_before_av_one_half  flex_column_div  column-top-margin'     ><style type=\"text\/css\" data-created_by=\"avia_inline_auto\" id=\"style-css-av-lrpe3lju-5631bf868b49dec5e579fcac8f40f85d\">\n.avia-image-container.av-lrpe3lju-5631bf868b49dec5e579fcac8f40f85d img.avia_image{\nbox-shadow:none;\n}\n.avia-image-container.av-lrpe3lju-5631bf868b49dec5e579fcac8f40f85d .av-image-caption-overlay-center{\ncolor:#ffffff;\n}\n<\/style>\n<div  class='avia-image-container av-lrpe3lju-5631bf868b49dec5e579fcac8f40f85d av-styling- avia-align-center  avia-builder-el-11  avia-builder-el-no-sibling '   itemprop=\"image\" itemscope=\"itemscope\" itemtype=\"https:\/\/schema.org\/ImageObject\" ><div class=\"avia-image-container-inner\"><div class=\"avia-image-overlay-wrap\"><img decoding=\"async\" fetchpriority=\"high\" class='wp-image-5951 avia-img-lazy-loading-not-5951 avia_image ' src=\"https:\/\/wafdal.org\/wp-content\/uploads\/2024\/01\/dalmatian-history-her2-300x196.jpg\" alt='' title='dalmatian-history-her2'  height=\"196\" width=\"300\"  itemprop=\"thumbnailUrl\" srcset=\"https:\/\/wafdal.org\/wp-content\/uploads\/2024\/01\/dalmatian-history-her2-300x196.jpg 300w, https:\/\/wafdal.org\/wp-content\/uploads\/2024\/01\/dalmatian-history-her2-768x502.jpg 768w, https:\/\/wafdal.org\/wp-content\/uploads\/2024\/01\/dalmatian-history-her2-705x461.jpg 705w, https:\/\/wafdal.org\/wp-content\/uploads\/2024\/01\/dalmatian-history-her2.jpg 800w\" sizes=\"(max-width: 300px) 100vw, 300px\" \/><\/div><\/div><\/div><\/div>\n<div  class='flex_column av-lbpp9n-f63665ba8fd037007304b0c03c26021a av_one_half  avia-builder-el-12  el_after_av_one_half  el_before_av_one_half  first flex_column_div  column-top-margin'     ><style type=\"text\/css\" data-created_by=\"avia_inline_auto\" id=\"style-css-av-lrpe4quh-a9467b7c6bcfb999d96c01f822b53b57\">\n.avia-image-container.av-lrpe4quh-a9467b7c6bcfb999d96c01f822b53b57 img.avia_image{\nbox-shadow:none;\n}\n.avia-image-container.av-lrpe4quh-a9467b7c6bcfb999d96c01f822b53b57 .av-image-caption-overlay-center{\ncolor:#ffffff;\n}\n<\/style>\n<div  class='avia-image-container av-lrpe4quh-a9467b7c6bcfb999d96c01f822b53b57 av-styling- avia-align-center  avia-builder-el-13  avia-builder-el-no-sibling '   itemprop=\"image\" itemscope=\"itemscope\" itemtype=\"https:\/\/schema.org\/ImageObject\" ><div class=\"avia-image-container-inner\"><div class=\"avia-image-overlay-wrap\"><img decoding=\"async\" fetchpriority=\"high\" class='wp-image-5952 avia-img-lazy-loading-not-5952 avia_image ' src=\"https:\/\/wafdal.org\/wp-content\/uploads\/2024\/01\/dalmatian-history-her3-162x300.jpg\" alt='' title='dalmatian-history-her3'  height=\"300\" width=\"162\"  itemprop=\"thumbnailUrl\" srcset=\"https:\/\/wafdal.org\/wp-content\/uploads\/2024\/01\/dalmatian-history-her3-162x300.jpg 162w, https:\/\/wafdal.org\/wp-content\/uploads\/2024\/01\/dalmatian-history-her3-380x705.jpg 380w, https:\/\/wafdal.org\/wp-content\/uploads\/2024\/01\/dalmatian-history-her3.jpg 431w\" sizes=\"(max-width: 162px) 100vw, 162px\" \/><\/div><\/div><\/div><\/div>\n<div  class='flex_column av-1wgip7-6acb7491301ab024c18b388a15b1d2e9 av_one_half  avia-builder-el-14  el_after_av_one_half  el_before_av_one_half  flex_column_div  column-top-margin'     ><section  class='av_textblock_section av-lrpe5v4m-7d3d59a657ebf7030de0a8554be28ee3 '   itemscope=\"itemscope\" itemtype=\"https:\/\/schema.org\/CreativeWork\" ><div class='avia_textblock'  itemprop=\"text\" ><p>Das \u00e4lteste Bild in Dalmatien, das einen Dalmatiner zeigt, hat im Jahr 1996 Dipl.Ing. Boris Spoljaric entdeckt. In der Kirche &#8222;Our Lady of the Angels&#8220; auf der Insel Veli Lo\u0161inj. Die Kirche wurde 1566 gebaut. Der K\u00fcnstler ist leider nicht bekannt, das Bild stammt aus dem 17. Jahrhundert. (Foto:B.\u0160poljari\u0107)<\/p>\n<\/div><\/section><\/div>\n<div  class='flex_column av-he9jd7-e7b8b865fbb7c3b0ff67dbe54ee0beb8 av_one_half  avia-builder-el-16  el_after_av_one_half  el_before_av_one_half  first flex_column_div  column-top-margin'     ><section  class='av_textblock_section av-lrpe6y8j-aed809d05c4851d9b6cbddbda4db2d53 '   itemscope=\"itemscope\" itemtype=\"https:\/\/schema.org\/CreativeWork\" ><div class='avia_textblock'  itemprop=\"text\" ><p>Im Marienkloster der Franziskaner in Zaostrog (Makarska) befindet sich ein Gem\u00e4lde &#8222;Das letzte Abendmahl&#8220;. Das Bild stammt aus dem Jahr 1750, und es zeigt in einer Ecke einen Dalmatiner. (Foto:B.\u0160poljari\u0107)<\/p>\n<\/div><\/section><\/div>\n<div  class='flex_column av-fwb8iz-24381c97b4355b87c2b12cd385273d77 av_one_half  avia-builder-el-18  el_after_av_one_half  el_before_av_one_half  flex_column_div  column-top-margin'     ><style type=\"text\/css\" data-created_by=\"avia_inline_auto\" id=\"style-css-av-lrpe6do8-9d4aa7efcca41589b01887a7b6b83bcf\">\n.avia-image-container.av-lrpe6do8-9d4aa7efcca41589b01887a7b6b83bcf img.avia_image{\nbox-shadow:none;\n}\n.avia-image-container.av-lrpe6do8-9d4aa7efcca41589b01887a7b6b83bcf .av-image-caption-overlay-center{\ncolor:#ffffff;\n}\n<\/style>\n<div  class='avia-image-container av-lrpe6do8-9d4aa7efcca41589b01887a7b6b83bcf av-styling- avia-align-center  avia-builder-el-19  avia-builder-el-no-sibling '   itemprop=\"image\" itemscope=\"itemscope\" itemtype=\"https:\/\/schema.org\/ImageObject\" ><div class=\"avia-image-container-inner\"><div class=\"avia-image-overlay-wrap\"><img decoding=\"async\" fetchpriority=\"high\" class='wp-image-5953 avia-img-lazy-loading-not-5953 avia_image ' src=\"https:\/\/wafdal.org\/wp-content\/uploads\/2024\/01\/dalmatian-history-her4-300x193.jpg\" alt='' title='dalmatian-history-her4'  height=\"193\" width=\"300\"  itemprop=\"thumbnailUrl\" srcset=\"https:\/\/wafdal.org\/wp-content\/uploads\/2024\/01\/dalmatian-history-her4-300x193.jpg 300w, https:\/\/wafdal.org\/wp-content\/uploads\/2024\/01\/dalmatian-history-her4-705x454.jpg 705w, https:\/\/wafdal.org\/wp-content\/uploads\/2024\/01\/dalmatian-history-her4.jpg 750w\" sizes=\"(max-width: 300px) 100vw, 300px\" \/><\/div><\/div><\/div><\/div>\n<div  class='flex_column av-dn2fbf-9848b0f81f875717ada2ff8d1707dd41 av_one_half  avia-builder-el-20  el_after_av_one_half  el_before_av_one_half  first flex_column_div  column-top-margin'     ><style type=\"text\/css\" data-created_by=\"avia_inline_auto\" id=\"style-css-av-lrpe7ct1-d7c7f77f0e753b92bf69b509f2c960f2\">\n.avia-image-container.av-lrpe7ct1-d7c7f77f0e753b92bf69b509f2c960f2 img.avia_image{\nbox-shadow:none;\n}\n.avia-image-container.av-lrpe7ct1-d7c7f77f0e753b92bf69b509f2c960f2 .av-image-caption-overlay-center{\ncolor:#ffffff;\n}\n<\/style>\n<div  class='avia-image-container av-lrpe7ct1-d7c7f77f0e753b92bf69b509f2c960f2 av-styling- avia-align-center  avia-builder-el-21  avia-builder-el-no-sibling '   itemprop=\"image\" itemscope=\"itemscope\" itemtype=\"https:\/\/schema.org\/ImageObject\" ><div class=\"avia-image-container-inner\"><div class=\"avia-image-overlay-wrap\"><img decoding=\"async\" fetchpriority=\"high\" class='wp-image-5954 avia-img-lazy-loading-not-5954 avia_image ' src=\"https:\/\/wafdal.org\/wp-content\/uploads\/2024\/01\/dalmatian-history-her5-300x178.jpg\" alt='' title='dalmatian-history-her5'  height=\"178\" width=\"300\"  itemprop=\"thumbnailUrl\" srcset=\"https:\/\/wafdal.org\/wp-content\/uploads\/2024\/01\/dalmatian-history-her5-300x178.jpg 300w, https:\/\/wafdal.org\/wp-content\/uploads\/2024\/01\/dalmatian-history-her5-768x456.jpg 768w, https:\/\/wafdal.org\/wp-content\/uploads\/2024\/01\/dalmatian-history-her5-705x418.jpg 705w, https:\/\/wafdal.org\/wp-content\/uploads\/2024\/01\/dalmatian-history-her5.jpg 1023w\" sizes=\"(max-width: 300px) 100vw, 300px\" \/><\/div><\/div><\/div><\/div>\n<div  class='flex_column av-c9332z-4cd5d6086721be395ef7be24b8f9ce88 av_one_half  avia-builder-el-22  el_after_av_one_half  el_before_av_one_half  flex_column_div  column-top-margin'     ><section  class='av_textblock_section av-lrpe8cpt-06904a2efdd706dabf5146c04c0d447e '   itemscope=\"itemscope\" itemtype=\"https:\/\/schema.org\/CreativeWork\" ><div class='avia_textblock'  itemprop=\"text\" ><p>Im Buch &#8222;Grundlehren der Hundezucht&#8220;, Autor Dr.phil. A. Str\u00f6sse, 1897, ist eine Zeichnung eines Dalmatiners mit braunen Ohren.<\/p>\n<\/div><\/section><\/div>\n<div  class='flex_column av-atz8ij-4f72b71c3e70e5c94a6f5bdf8875c023 av_one_half  avia-builder-el-24  el_after_av_one_half  el_before_av_one_half  first flex_column_div  column-top-margin'     ><section  class='av_textblock_section av-lrpe9llk-e7e0737dc9f3258ed584f54af9ad4822 '   itemscope=\"itemscope\" itemtype=\"https:\/\/schema.org\/CreativeWork\" ><div class='avia_textblock'  itemprop=\"text\" ><p>Ebenso in dem Buch &#8222;Gebrauchs- und Luxushunde&#8220;, geschrieben von Emil Ilgner, 1902, mit einer Beschreibung des Dalmatiners und einem Foto von einem Dalmatiner mit ganz eindeutig schwarzen Ohren.<\/p>\n<p>Der Dalmatiner geh\u00f6rt zu den Bracken und er ist eine richtige Bracke. Dar\u00fcber hinaus ist der Dalmatiner ist ein enger Verwandter der Istrianischen Bracke und des gro\u00dfen englischen Windhunds, dem Greyhound!!!<\/p>\n<p>Forschungen an der Universit\u00e4t f\u00fcr Veterin\u00e4rmedizin in Zagreb (1991,1992) haben eine gro\u00dfe \u00dcbereinstimmung bei den physiologischenn Werten der Harns\u00e4ure bei der Istrianer Bracke und dem Dalmatiner gezeigt.<\/p>\n<\/div><\/section><\/div>\n<div  class='flex_column av-8g011n-3ce66b57fe19ab3af61ed0fdd759878c av_one_half  avia-builder-el-26  el_after_av_one_half  el_before_av_one_half  flex_column_div  column-top-margin'     ><style type=\"text\/css\" data-created_by=\"avia_inline_auto\" id=\"style-css-av-lrpe8tzi-76fa8a05bd46f5aad5138262bca61f17\">\n.avia-image-container.av-lrpe8tzi-76fa8a05bd46f5aad5138262bca61f17 img.avia_image{\nbox-shadow:none;\n}\n.avia-image-container.av-lrpe8tzi-76fa8a05bd46f5aad5138262bca61f17 .av-image-caption-overlay-center{\ncolor:#ffffff;\n}\n<\/style>\n<div  class='avia-image-container av-lrpe8tzi-76fa8a05bd46f5aad5138262bca61f17 av-styling- avia-align-center  avia-builder-el-27  avia-builder-el-no-sibling '   itemprop=\"image\" itemscope=\"itemscope\" itemtype=\"https:\/\/schema.org\/ImageObject\" ><div class=\"avia-image-container-inner\"><div class=\"avia-image-overlay-wrap\"><img decoding=\"async\" fetchpriority=\"high\" class='wp-image-5955 avia-img-lazy-loading-not-5955 avia_image ' src=\"https:\/\/wafdal.org\/wp-content\/uploads\/2024\/01\/dalmatian-history-her6-300x266.jpg\" alt='' title='dalmatian-history-her6'  height=\"266\" width=\"300\"  itemprop=\"thumbnailUrl\" srcset=\"https:\/\/wafdal.org\/wp-content\/uploads\/2024\/01\/dalmatian-history-her6-300x266.jpg 300w, https:\/\/wafdal.org\/wp-content\/uploads\/2024\/01\/dalmatian-history-her6-768x680.jpg 768w, https:\/\/wafdal.org\/wp-content\/uploads\/2024\/01\/dalmatian-history-her6-705x624.jpg 705w, https:\/\/wafdal.org\/wp-content\/uploads\/2024\/01\/dalmatian-history-her6.jpg 1023w\" sizes=\"(max-width: 300px) 100vw, 300px\" \/><\/div><\/div><\/div><\/div>\n<div  class='flex_column av-6zqlkb-23a1541fd1857d9b7df743e488ce63aa av_one_half  avia-builder-el-28  el_after_av_one_half  el_before_av_one_half  first flex_column_div  column-top-margin'     ><style type=\"text\/css\" data-created_by=\"avia_inline_auto\" id=\"style-css-av-lrpea1k1-22c230a7339fa5f0e7878c0062791f0f\">\n.avia-image-container.av-lrpea1k1-22c230a7339fa5f0e7878c0062791f0f img.avia_image{\nbox-shadow:none;\n}\n.avia-image-container.av-lrpea1k1-22c230a7339fa5f0e7878c0062791f0f .av-image-caption-overlay-center{\ncolor:#ffffff;\n}\n<\/style>\n<div  class='avia-image-container av-lrpea1k1-22c230a7339fa5f0e7878c0062791f0f av-styling- avia-align-center  avia-builder-el-29  avia-builder-el-no-sibling '   itemprop=\"image\" itemscope=\"itemscope\" itemtype=\"https:\/\/schema.org\/ImageObject\" ><div class=\"avia-image-container-inner\"><div class=\"avia-image-overlay-wrap\"><img decoding=\"async\" fetchpriority=\"high\" class='wp-image-5956 avia-img-lazy-loading-not-5956 avia_image ' src=\"https:\/\/wafdal.org\/wp-content\/uploads\/2024\/01\/dalmatian-history-her7-300x215.jpg\" alt='' title='dalmatian-history-her7'  height=\"215\" width=\"300\"  itemprop=\"thumbnailUrl\" srcset=\"https:\/\/wafdal.org\/wp-content\/uploads\/2024\/01\/dalmatian-history-her7-300x215.jpg 300w, https:\/\/wafdal.org\/wp-content\/uploads\/2024\/01\/dalmatian-history-her7-768x550.jpg 768w, https:\/\/wafdal.org\/wp-content\/uploads\/2024\/01\/dalmatian-history-her7-260x185.jpg 260w, https:\/\/wafdal.org\/wp-content\/uploads\/2024\/01\/dalmatian-history-her7-705x504.jpg 705w, https:\/\/wafdal.org\/wp-content\/uploads\/2024\/01\/dalmatian-history-her7.jpg 1023w\" sizes=\"(max-width: 300px) 100vw, 300px\" \/><\/div><\/div><\/div><\/div>\n<div  class='flex_column av-6ey54b-b084f8734a9aba0bc391ea3fb33aebb5 av_one_half  avia-builder-el-30  el_after_av_one_half  el_before_av_one_half  flex_column_div  column-top-margin'     ><section  class='av_textblock_section av-lrpebop7-6bf1e6223bde6631d6c8888f03abd56f '   itemscope=\"itemscope\" itemtype=\"https:\/\/schema.org\/CreativeWork\" ><div class='avia_textblock'  itemprop=\"text\" ><p>Schwarze Ohren und schwarze Tupfen am K\u00f6rper bei Rauhhaariger Istrianer Bracke (Archiv M. Uro\u0161evi\u0107)<\/p>\n<p>Dar\u00fcber hinaus gibt es eine starke genetische \u00dcbereinstimmung bei den Formeln f\u00fcr die Farbe. Beim Dalmatiner lautet die Formel BB CC DD EE gg swsw TT (Willis,1984), bei der Istrianer Bracke lautet der genetische Farbcode: bb CC dd ee gg swsw TT.<\/p>\n<p>Daher kommt es nur zu einem Unterschied bei bestimmten Faktoren. Die Farbcodes beim Dalmtiner treten \u00fcberwiegend homozygot und bei der Istrianer<\/p>\n<\/div><\/section><\/div>\n<div  class='flex_column av-4sv3cb-99a7aba1d7a239f1e0455019aea473de av_one_half  avia-builder-el-32  el_after_av_one_half  el_before_av_one_half  first flex_column_div  column-top-margin'     ><section  class='av_textblock_section av-lrpedpgk-44975fee9e63a36a7b689bf76a172aac '   itemscope=\"itemscope\" itemtype=\"https:\/\/schema.org\/CreativeWork\" ><div class='avia_textblock'  itemprop=\"text\" ><p>Anders als diese \u00c4hnlichkeiten gibt es eine enge Verbindung zwischen Dalmatiner, Istrianer Bracke und dem Greyhound! Die Analyse von Mitochondrien (DNA) zeigt eine enge Verwandschaft dieser Rassen auf (Zajc, Kus, 2001).<\/p>\n<p>Womit eine Frage offen bleibt: wann kam es zur Trennung dieser Rassen? Das ist sehr schwer zu sagen, vermutlich um die Zeit der Kelten.<\/p>\n<p>Copyright: Dr.sci.Dr.Vet.Med. Milivoje Uro\u0161evi\u0107 (<a href=\"http:\/\/www.milivojeurosevic.com\/\" target=\"_blank\" rel=\"noopener noreferrer\">www.milivojeurosevic.com<\/a>)<\/p>\n<\/div><\/section><\/div>\n<div  class='flex_column av-2uml3v-a0f8c8848a7c93474aef9b09d7f1bde9 av_one_half  avia-builder-el-34  el_after_av_one_half  el_before_av_one_half  flex_column_div  column-top-margin'     ><style type=\"text\/css\" data-created_by=\"avia_inline_auto\" id=\"style-css-av-lrpeeiiz-a599f0ffa442d604dc71cddf58d0b475\">\n.avia-image-container.av-lrpeeiiz-a599f0ffa442d604dc71cddf58d0b475 img.avia_image{\nbox-shadow:none;\n}\n.avia-image-container.av-lrpeeiiz-a599f0ffa442d604dc71cddf58d0b475 .av-image-caption-overlay-center{\ncolor:#ffffff;\n}\n<\/style>\n<div  class='avia-image-container av-lrpeeiiz-a599f0ffa442d604dc71cddf58d0b475 av-styling- avia-align-center  avia-builder-el-35  avia-builder-el-no-sibling '   itemprop=\"image\" itemscope=\"itemscope\" itemtype=\"https:\/\/schema.org\/ImageObject\" ><div class=\"avia-image-container-inner\"><div class=\"avia-image-overlay-wrap\"><img decoding=\"async\" fetchpriority=\"high\" class='wp-image-5957 avia-img-lazy-loading-not-5957 avia_image ' src=\"https:\/\/wafdal.org\/wp-content\/uploads\/2024\/01\/dalmatian-history-her8-300x218.jpg\" alt='' title='dalmatian-history-her8'  height=\"218\" width=\"300\"  itemprop=\"thumbnailUrl\" srcset=\"https:\/\/wafdal.org\/wp-content\/uploads\/2024\/01\/dalmatian-history-her8-300x218.jpg 300w, https:\/\/wafdal.org\/wp-content\/uploads\/2024\/01\/dalmatian-history-her8-768x557.jpg 768w, https:\/\/wafdal.org\/wp-content\/uploads\/2024\/01\/dalmatian-history-her8-705x511.jpg 705w, https:\/\/wafdal.org\/wp-content\/uploads\/2024\/01\/dalmatian-history-her8.jpg 1023w\" sizes=\"(max-width: 300px) 100vw, 300px\" \/><\/div><\/div><\/div><\/div>\n<div  class='flex_column av-12976j-e2b6c28de531466593154ef931905c3a av_one_half  avia-builder-el-36  el_after_av_one_half  el_before_av_one_half  first flex_column_div  column-top-margin'     ><p>\n<style type=\"text\/css\" data-created_by=\"avia_inline_auto\" id=\"style-css-av-lrpegymu-b19f36680164236800ee9f3baa0f52da\">\n.avia-image-container.av-lrpegymu-b19f36680164236800ee9f3baa0f52da img.avia_image{\nbox-shadow:none;\n}\n.avia-image-container.av-lrpegymu-b19f36680164236800ee9f3baa0f52da .av-image-caption-overlay-center{\ncolor:#ffffff;\n}\n<\/style>\n<div  class='avia-image-container av-lrpegymu-b19f36680164236800ee9f3baa0f52da av-styling- avia-align-center  avia-builder-el-37  el_before_av_textblock  avia-builder-el-first '   itemprop=\"image\" itemscope=\"itemscope\" itemtype=\"https:\/\/schema.org\/ImageObject\" ><div class=\"avia-image-container-inner\"><div class=\"avia-image-overlay-wrap\"><img decoding=\"async\" fetchpriority=\"high\" class='wp-image-5949 avia-img-lazy-loading-not-5949 avia_image ' src=\"https:\/\/wafdal.org\/wp-content\/uploads\/2024\/01\/cepib.png\" alt='' title='cepib'  height=\"143\" width=\"247\"  itemprop=\"thumbnailUrl\"  \/><\/div><\/div><\/div><br \/>\n<section  class='av_textblock_section av-7idw8b-ebd47acb23f18888ead2743c002f6524 '   itemscope=\"itemscope\" itemtype=\"https:\/\/schema.org\/CreativeWork\" ><div class='avia_textblock'  itemprop=\"text\" ><p style=\"text-align: center;\"><a href=\"http:\/\/www.cepib.org.rs\/wp-en\/\" target=\"_blank\" rel=\"noopener\">http:\/\/www.cepib.org.rs\/wp-en\/<\/a><\/p>\n<\/div><\/section><\/p><\/div><div  class='flex_column av-5o1zq3-613ff61c9af35836212f7e0044c60944 av_one_half  avia-builder-el-39  el_after_av_one_half  el_before_av_one_full  flex_column_div  column-top-margin'     ><p>\n<style type=\"text\/css\" data-created_by=\"avia_inline_auto\" id=\"style-css-av-lrpej0oi-556df3f8e558cc17bfc0ed35876a0b35\">\n.avia-image-container.av-lrpej0oi-556df3f8e558cc17bfc0ed35876a0b35 img.avia_image{\nbox-shadow:none;\n}\n.avia-image-container.av-lrpej0oi-556df3f8e558cc17bfc0ed35876a0b35 .av-image-caption-overlay-center{\ncolor:#ffffff;\n}\n<\/style>\n<div  class='avia-image-container av-lrpej0oi-556df3f8e558cc17bfc0ed35876a0b35 av-styling- avia-align-center  avia-builder-el-40  el_before_av_textblock  avia-builder-el-first '   itemprop=\"image\" itemscope=\"itemscope\" itemtype=\"https:\/\/schema.org\/ImageObject\" ><div class=\"avia-image-container-inner\"><div class=\"avia-image-overlay-wrap\"><img decoding=\"async\" fetchpriority=\"high\" class='wp-image-5958 avia-img-lazy-loading-not-5958 avia_image ' src=\"https:\/\/wafdal.org\/wp-content\/uploads\/2024\/01\/kinoac.png\" alt='' title='kinoac'  height=\"87\" width=\"150\"  itemprop=\"thumbnailUrl\"  \/><\/div><\/div><\/div><br \/>\n<section  class='av_textblock_section av-lrpei22y-40543b63a90126b1b826f75dcf90a63e '   itemscope=\"itemscope\" itemtype=\"https:\/\/schema.org\/CreativeWork\" ><div class='avia_textblock'  itemprop=\"text\" ><p style=\"text-align: center;\"><a href=\"http:\/\/kinoac.edu.rs\/\" target=\"_blank\" rel=\"noopener\">http:\/\/kinoac.edu.rs\/<\/a><\/p>\n<\/div><\/section><\/p><\/div><div  class='flex_column av-2fw3vv-eb39e6f13b1f94c42ed3a54bafb9fe2a av_one_full  avia-builder-el-42  el_after_av_one_half  avia-builder-el-last  first flex_column_div  column-top-margin'     ><p><section  class='av_textblock_section av-lrpem2yz-eae9ca5af112df119d83ea0f738eedf4 '   itemscope=\"itemscope\" itemtype=\"https:\/\/schema.org\/CreativeWork\" ><div class='avia_textblock'  itemprop=\"text\" ><p>Neben zahlreichen B\u00fcchern und wissenschaftlichen Publikationen (siehe Homepage, Link zu <a href=\"http:\/\/www.milivojeurosevic.com\/\" target=\"_blank\" rel=\"noopener\">www.milivojeurosevic.com<\/a>), hat Dr. Milivoje Uro\u0161evi\u0107 folgende rassespezifische Dalmatiner-Artikel ver\u00f6ffentlicht:<\/p>\n<\/div><\/section><br \/>\n<section  class='av_textblock_section av-lrpemwub-ac9501fb1b973df9c9b274729b87604b '   itemscope=\"itemscope\" itemtype=\"https:\/\/schema.org\/CreativeWork\" ><div class='avia_textblock'  itemprop=\"text\" ><p><em>1. Uro\u0161evi\u0107 M.: (1980.) Dalmatinci svijeta ujedinite se. Moj pas, br. 9 \u2013 10, Zagreb<\/em><br \/>\n<em>Uro\u0161evi\u0107. M: (1980) Dalmatiner in der Welt vereinigen sich. Moj Pas. 9 &#8211; 10, Zagreb<\/em><br \/>\n<em>2. Uro\u0161evi\u0107,M. (1984.) Nasledne mane kod dalmatinskog psa. 4.Jugoslovenski simpozijum \u201eMale \u017eivotinje i urbana sredina\u201c, Ljubljana.Zbornik referata, str. 59-62<\/em><br \/>\n<em>Urosevic, M. (1984) Vererbte defekte bei Dalmatiner. 4.Jugoslovenski Symposium &#8222;Kleintiere in st\u00e4dtischen Gebieten&#8220; Ljubljana.Zbornik Papier, p. 59-62<\/em><br \/>\n<em>3. Uro\u0161evi\u0107,M.: (1984.) Uzgoj dalmatinskog psa u Jugoslaviji, sa posebnim osvrtom na SR Srbiju i Beograd, u periodu od 1948-1982. 4. Jugoslovenski simpozijum \u201eMale \u017eivotinje i urbana sredina\u201c, Ljubljana. Zbornik referata, str. 63-67<\/em><br \/>\n<em>Uro\u0161evi\u0107. M: (1984) Dalmatiner Zucht in Jugoslawien, mit besonderem Schwerpunkt auf SR Serbien und Belgrad, in der Zeit von 1948 bis 1982. 4. Symposium &#8222;Kleine Tiere in der st\u00e4dtischen Umwelt&#8220;, Ljubljana. Proceedings, S.. 63-67<\/em><br \/>\n<em>4. Uro\u0161evi\u0107 M.: (1987.) Biometrijski parametri dalmatinskog psa. 5. Jugoslovenski simpozijum \u201eMale \u017eivotinje i \u010dovek u zajedni\u010dkom ambijentu \u201e. Beograd. Zbornik radova,str.219-221<\/em><br \/>\n<em>Uro\u0161evi\u0107. M: (1987) Biometrische Parameter bei Dalmatiner. 5. Symposium &#8222;Kleine Tiere und Menschen in der gleichen Umgebung.&#8220; Belgrad. Proceedings, str.219- 221<\/em><br \/>\n<em>5. Uro\u0161evi\u0107 M., Fury M.: (1987.) Plodnost dalmatinskog psa. 5. Jugoslovenski simpozijum \u201eMale \u017eivotinje i \u010dovek u zajedni\u010dkom ambijentu\u201c. Beograd. Zbornik radova,str.222-224<\/em><br \/>\n<em>M. Urosevic, M:. Fury (1987) Fertilit\u00e4t bei Dalmatin\u00e4r. 5. Symposium &#8222;Kleine Tiere und Menschen in der gleichen Umgebung.&#8220; Belgrad. Proceedings, str.222-224<\/em><\/p>\n<\/div><\/section><\/p><\/div><\/p>\n","protected":false},"excerpt":{"rendered":"","protected":false},"author":1,"featured_media":0,"parent":0,"menu_order":0,"comment_status":"closed","ping_status":"closed","template":"","meta":{"_price":"","_stock":"","_tribe_ticket_header":"","_tribe_default_ticket_provider":"","_ticket_start_date":"","_ticket_end_date":"","_tribe_ticket_show_description":"","_tribe_ticket_show_not_going":false,"_tribe_ticket_use_global_stock":"","_tribe_ticket_global_stock_level":"","_global_stock_mode":"","_global_stock_cap":"","_tribe_rsvp_for_event":"","_tribe_ticket_going_count":"","_tribe_ticket_not_going_count":"","_tribe_tickets_list":"[]","_tribe_ticket_has_attendee_info_fields":false,"footnotes":"","_tec_slr_enabled":"","_tec_slr_layout":""},"class_list":["post-7068","page","type-page","status-publish","hentry"],"ticketed":false,"_links":{"self":[{"href":"https:\/\/wafdal.org\/de\/wp-json\/wp\/v2\/pages\/7068","targetHints":{"allow":["GET"]}}],"collection":[{"href":"https:\/\/wafdal.org\/de\/wp-json\/wp\/v2\/pages"}],"about":[{"href":"https:\/\/wafdal.org\/de\/wp-json\/wp\/v2\/types\/page"}],"author":[{"embeddable":true,"href":"https:\/\/wafdal.org\/de\/wp-json\/wp\/v2\/users\/1"}],"replies":[{"embeddable":true,"href":"https:\/\/wafdal.org\/de\/wp-json\/wp\/v2\/comments?post=7068"}],"version-history":[{"count":2,"href":"https:\/\/wafdal.org\/de\/wp-json\/wp\/v2\/pages\/7068\/revisions"}],"predecessor-version":[{"id":7070,"href":"https:\/\/wafdal.org\/de\/wp-json\/wp\/v2\/pages\/7068\/revisions\/7070"}],"wp:attachment":[{"href":"https:\/\/wafdal.org\/de\/wp-json\/wp\/v2\/media?parent=7068"}],"curies":[{"name":"wp","href":"https:\/\/api.w.org\/{rel}","templated":true}]}}